{"id":16,"date":"2023-04-11T17:09:11","date_gmt":"2023-04-11T15:09:11","guid":{"rendered":"https:\/\/ambasciatapraga.esteri.it\/?page_id=16"},"modified":"2023-04-11T17:11:19","modified_gmt":"2023-04-11T15:11:19","slug":"news","status":"publish","type":"page","link":"https:\/\/ambatene.esteri.it\/it\/news\/","title":{"rendered":"Notizie"},"content":{"rendered":"        <div class=\"row\">\n\t\t\t<!-- Ricerca sedi post -->\n\t\t\t<div class=\"col-12 mt-4\">\n\t\t\t  <div class=\"callout callout-highlight note ricerca-esteri p-4\">\n                    <div class=\"callout-title\">\n                        <svg class=\"icon\">\n                            <use xlink:href=\"https:\/\/ambatene.esteri.it\/wp-content\/themes\/sedi-tema\/assets\/svg\/sprites.svg#it-search\"><\/use>\n                        <\/svg>Inserisci i parametri di ricerca                    <\/div>\n                    <form id=\"searchFormPost\" name=\"form-search-post\" class=\"form-row align-items-center\" action=\"https:\/\/ambatene.esteri.it\/it\/wp-json\/wp\/v2\/pages\/16\/\" method=\"GET\"> \n                        <!-- <div class=\"form-group pt-5\"> -->\n                            <!-- <input type=\"hidden\" id=\"lang\" name=\"lang\" value=\"\"> --> <!-- <\/div> -->\n\n                        <div class=\"it-datepicker-wrapper\">\n                            <div class=\"row\">\n                                <div class=\"form-group col-md-6\">\n                                    <label class=\"active\" for=\"date-init\">Dal<\/label>\n                                    <input class=\"form-control\" name=\"date-init\" id=\"date-init\" type=\"date\" placeholder=\"gg\/mm\/aaaa\" value=\"\"lang=\"en-EN\">  \n                                <\/div>\n                                <div class=\"form-group col-md-6\">\n                                    <label class=\"active\" for=\"date-end\">Al<\/label>\n                                    <input class=\"form-control\" name=\"date-end\" id=\"date-end\" type=\"date\" placeholder=\"gg\/mm\/aaaa\" value=\"\">\n                                <\/div>\n                            <\/div>\n                        <\/div>\n                        <div class=\"form-group col-md-12 mt-3\">\n                            <label for=\"searchText\">Campo ricerca libera<\/label>\n                            <input type=\"text\" name=\"searchText\" class=\"form-control\" id=\"searchText\" value=\"\">\n                        <\/div>\n                        <div class=\"form-group col-md-4 offset-md-8 text-end\">\n                            <a href=\"https:\/\/ambatene.esteri.it\/it\/news\/\" title=\"Form reset\" id=\"resetImput\" class=\"btn btn-outline-primary btn-xs\">Reset<\/a>\n                            <button type=\"submit\" class=\"btn btn-primary btn-xs\">Mostra risultati<\/button>\n                        <\/div>\n                    <\/form>\n\t\t\t\t<\/div>\n\t\t\t<\/div>\n\t\t<\/div>\n                    \n            <div class=\"row\">\n                            <div class=\"col-12 mt-3\">\n                <!--start card-->\n                <div class=\"card-wrapper card-space\">\n                    <div class=\"card card-bg card-big border-bottom-card\">\n                        <div class=\"card-body \">\n                                                        <div class=\"category-top\">\n                                                                                                            <span class=\"\">\n                                        <svg class=\"icon icon-secondary\">\n                                            <use xlink:href=\"https:\/\/ambatene.esteri.it\/wp-content\/themes\/sedi-tema\/assets\/svg\/sprites.svg#it-calendar\"><\/use>\n                                        <\/svg> 29 Aprile 2026                                    <\/span>\n                                                                    <\/div>\n                            <h5 class=\"card-title big-heading text-uppercase\"><a class=\"text-body text-decoration-none\" href=\"https:\/\/ambatene.esteri.it\/it\/news\/dall_ambasciata\/2026\/04\/imec-linviato-speciale-amb-talo-al-forum-economico-di-delphi\/\" title=\"IMEC. L\u2019Inviato Speciale Amb. Tal\u00f2 al Forum Economico di Delphi\">IMEC. L\u2019Inviato Speciale Amb. Tal\u00f2 al Forum Economico di Delphi<\/a><\/h5>\n                            <p class=\"card-text\">L\u2019Ambasciatore Francesco Tal\u00f2, Inviato Speciale italiano per il Corridoio Economico India\u2013Medio Oriente\u2013Europa (IMEC), il 23-24 aprile ha avuto incontri ad Atene e ha partecipato al Delphi Economic Forum. Nel corso della missione, Tal\u00f2 ha avuto incontri ad Atene con il Vice Ministro degli Esteri Haris Theocharis e la Vice Ministra Alexandra Papadopoulou. A margine del [&hellip;]<\/p>\n                                <a title=\"IMEC. L\u2019Inviato Speciale Amb. Tal\u00f2 al Forum Economico di Delphi\" class=\"read-more\" href=\"https:\/\/ambatene.esteri.it\/it\/news\/dall_ambasciata\/2026\/04\/imec-linviato-speciale-amb-talo-al-forum-economico-di-delphi\/\">\n                                    <span class=\"text\">Leggi di pi\u00f9<\/span>\n                                    <svg class=\"icon\">\n                                    <use xlink:href=\"https:\/\/ambatene.esteri.it\/wp-content\/themes\/sedi-tema\/assets\/svg\/sprites.svg#it-arrow-right\"><\/use>\n                                    <\/svg>\n                                <\/a>\n                                                    <\/div>\n                    <\/div>\n                <\/div>\n                <!--end card-->\n                <\/div><!-- col-12 .mt-3-->\n                            <div class=\"col-12 mt-3\">\n                <!--start card-->\n                <div class=\"card-wrapper card-space\">\n                    <div class=\"card card-bg card-big border-bottom-card\">\n                        <div class=\"card-body \">\n                                                        <div class=\"category-top\">\n                                                                                                            <span class=\"\">\n                                        <svg class=\"icon icon-secondary\">\n                                            <use xlink:href=\"https:\/\/ambatene.esteri.it\/wp-content\/themes\/sedi-tema\/assets\/svg\/sprites.svg#it-calendar\"><\/use>\n                                        <\/svg> 22 Aprile 2026                                    <\/span>\n                                                                    <\/div>\n                            <h5 class=\"card-title big-heading text-uppercase\"><a class=\"text-body text-decoration-none\" href=\"https:\/\/ambatene.esteri.it\/it\/news\/dall_ambasciata\/2026\/04\/lambasciatore-cuculi-visita-il-congresso-di-isokinetic-dedicato-alla-medicina-riabilitativa\/\" title=\"L\u2019Ambasciatore Cuculi visita il Congresso di Isokinetic dedicato alla medicina riabilitativa\">L\u2019Ambasciatore Cuculi visita il Congresso di Isokinetic dedicato alla medicina riabilitativa<\/a><\/h5>\n                            <p class=\"card-text\">L\u2019Ambasciatore Paolo Cuculi ha visitato il XXXIII Congresso Internazionale \u201cFootball Medicine: Return to Performance\u201d, organizzato dal gruppo italiano Isokinetic. La manifestazione, svoltasi ad Atene dal 18 al 20 aprile, ha riunito circa 2.000 esperti da 80 paesi nel campo della medicina sportiva e della riabilitazione con la partecipazione di numerose aziende e sponsor italiani del [&hellip;]<\/p>\n                                <a title=\"L\u2019Ambasciatore Cuculi visita il Congresso di Isokinetic dedicato alla medicina riabilitativa\" class=\"read-more\" href=\"https:\/\/ambatene.esteri.it\/it\/news\/dall_ambasciata\/2026\/04\/lambasciatore-cuculi-visita-il-congresso-di-isokinetic-dedicato-alla-medicina-riabilitativa\/\">\n                                    <span class=\"text\">Leggi di pi\u00f9<\/span>\n                                    <svg class=\"icon\">\n                                    <use xlink:href=\"https:\/\/ambatene.esteri.it\/wp-content\/themes\/sedi-tema\/assets\/svg\/sprites.svg#it-arrow-right\"><\/use>\n                                    <\/svg>\n                                <\/a>\n                                                    <\/div>\n                    <\/div>\n                <\/div>\n                <!--end card-->\n                <\/div><!-- col-12 .mt-3-->\n                            <div class=\"col-12 mt-3\">\n                <!--start card-->\n                <div class=\"card-wrapper card-space\">\n                    <div class=\"card card-bg card-big border-bottom-card\">\n                        <div class=\"card-body \">\n                                                        <div class=\"category-top\">\n                                                                                                            <span class=\"\">\n                                        <svg class=\"icon icon-secondary\">\n                                            <use xlink:href=\"https:\/\/ambatene.esteri.it\/wp-content\/themes\/sedi-tema\/assets\/svg\/sprites.svg#it-calendar\"><\/use>\n                                        <\/svg> 20 Aprile 2026                                    <\/span>\n                                                                    <\/div>\n                            <h5 class=\"card-title big-heading text-uppercase\"><a class=\"text-body text-decoration-none\" href=\"https:\/\/ambatene.esteri.it\/it\/news\/dall_ambasciata\/2026\/04\/lambasciatore-cuculi-visita-il-pattugliatore-morosini-nave-ammiraglia-delloperazione-eunavfor-med-irini\/\" title=\"L\u2019Ambasciatore Cuculi visita il pattugliatore Morosini, nave ammiraglia dell\u2019operazione EUNAVFOR MED \u2013 Irini\">L\u2019Ambasciatore Cuculi visita il pattugliatore Morosini, nave ammiraglia dell\u2019operazione EUNAVFOR MED \u2013 Irini<\/a><\/h5>\n                            <p class=\"card-text\">L\u2019Ambasciatore d\u2019Italia in Grecia, Paolo Cuculi, ha visitato al Porto del Pireo il pattugliatore d\u2019altura della Marina Militare Italiana Francesco Morosini, eccellenza dell\u2019industria cantieristica e della difesa italiana e nave ammiraglia dell\u2019Operazione EUNAVFOR MED \u2013 Irini. L\u2019Operazione, il cui quartier generale si trova a Roma, si avvale di mezzi navali, aerei e satellitari dell\u2019Unione Europea [&hellip;]<\/p>\n                                <a title=\"L\u2019Ambasciatore Cuculi visita il pattugliatore Morosini, nave ammiraglia dell\u2019operazione EUNAVFOR MED \u2013 Irini\" class=\"read-more\" href=\"https:\/\/ambatene.esteri.it\/it\/news\/dall_ambasciata\/2026\/04\/lambasciatore-cuculi-visita-il-pattugliatore-morosini-nave-ammiraglia-delloperazione-eunavfor-med-irini\/\">\n                                    <span class=\"text\">Leggi di pi\u00f9<\/span>\n                                    <svg class=\"icon\">\n                                    <use xlink:href=\"https:\/\/ambatene.esteri.it\/wp-content\/themes\/sedi-tema\/assets\/svg\/sprites.svg#it-arrow-right\"><\/use>\n                                    <\/svg>\n                                <\/a>\n                                                    <\/div>\n                    <\/div>\n                <\/div>\n                <!--end card-->\n                <\/div><!-- col-12 .mt-3-->\n                            <div class=\"col-12 mt-3\">\n                <!--start card-->\n                <div class=\"card-wrapper card-space\">\n                    <div class=\"card card-bg card-big border-bottom-card\">\n                        <div class=\"card-body \">\n                                                        <div class=\"category-top\">\n                                                                                                            <span class=\"\">\n                                        <svg class=\"icon icon-secondary\">\n                                            <use xlink:href=\"https:\/\/ambatene.esteri.it\/wp-content\/themes\/sedi-tema\/assets\/svg\/sprites.svg#it-calendar\"><\/use>\n                                        <\/svg> 15 Aprile 2026                                    <\/span>\n                                                                    <\/div>\n                            <h5 class=\"card-title big-heading text-uppercase\"><a class=\"text-body text-decoration-none\" href=\"https:\/\/ambatene.esteri.it\/it\/news\/dall_ambasciata\/2026\/04\/carta-didentita-elettronica-cie-dal-1-giugno-2026-gli-iscritti-aire-possono-richiederla-anche-presso-i-comuni-italiani\/\" title=\"Carta d\u2019Identit\u00e0 Elettronica (CIE): dal 1\u00b0 giugno 2026 gli iscritti AIRE possono richiederla anche presso i Comuni italiani\">Carta d\u2019Identit\u00e0 Elettronica (CIE): dal 1\u00b0 giugno 2026 gli iscritti AIRE possono richiederla anche presso i Comuni italiani<\/a><\/h5>\n                            <p class=\"card-text\">Con l\u2019entrata in vigore della legge n. 11 del 19 gennaio 2026, a partire dal 1\u00b0 giugno 2026 i cittadini italiani residenti all\u2019estero e iscritti all\u2019Anagrafe degli Italiani Residenti all\u2019Estero (AIRE) potranno richiedere la Carta d\u2019Identit\u00e0 Elettronica (CIE) presso qualsiasi Comune italiano, e non pi\u00f9 esclusivamente tramite gli Uffici consolari. La CIE verr\u00e0 rilasciata con [&hellip;]<\/p>\n                                <a title=\"Carta d\u2019Identit\u00e0 Elettronica (CIE): dal 1\u00b0 giugno 2026 gli iscritti AIRE possono richiederla anche presso i Comuni italiani\" class=\"read-more\" href=\"https:\/\/ambatene.esteri.it\/it\/news\/dall_ambasciata\/2026\/04\/carta-didentita-elettronica-cie-dal-1-giugno-2026-gli-iscritti-aire-possono-richiederla-anche-presso-i-comuni-italiani\/\">\n                                    <span class=\"text\">Leggi di pi\u00f9<\/span>\n                                    <svg class=\"icon\">\n                                    <use xlink:href=\"https:\/\/ambatene.esteri.it\/wp-content\/themes\/sedi-tema\/assets\/svg\/sprites.svg#it-arrow-right\"><\/use>\n                                    <\/svg>\n                                <\/a>\n                                                    <\/div>\n                    <\/div>\n                <\/div>\n                <!--end card-->\n                <\/div><!-- col-12 .mt-3-->\n                            <div class=\"col-12 mt-3\">\n                <!--start card-->\n                <div class=\"card-wrapper card-space\">\n                    <div class=\"card card-bg card-big border-bottom-card\">\n                        <div class=\"card-body \">\n                                                        <div class=\"category-top\">\n                                                                                                            <span class=\"\">\n                                        <svg class=\"icon icon-secondary\">\n                                            <use xlink:href=\"https:\/\/ambatene.esteri.it\/wp-content\/themes\/sedi-tema\/assets\/svg\/sprites.svg#it-calendar\"><\/use>\n                                        <\/svg> 24 Marzo 2026                                    <\/span>\n                                                                    <\/div>\n                            <h5 class=\"card-title big-heading text-uppercase\"><a class=\"text-body text-decoration-none\" href=\"https:\/\/ambatene.esteri.it\/it\/news\/dall_ambasciata\/2026\/03\/proroga-termini-manifestazioni-interesse-sponsorizzazione-festa-della-repubblica-2026\/\" title=\"Proroga termini manifestazioni interesse sponsorizzazione Festa della Repubblica 2026\">Proroga termini manifestazioni interesse sponsorizzazione Festa della Repubblica 2026<\/a><\/h5>\n                            <p class=\"card-text\">Proroga dei termini per la presentazione delle manifestazioni di interesse per la sponsorizzazione dell\u2019evento celebrativo della Festa della Repubblica 2026, di cui all\u2019avviso del 10 febbraio 2026. LINK<\/p>\n                                <a title=\"Proroga termini manifestazioni interesse sponsorizzazione Festa della Repubblica 2026\" class=\"read-more\" href=\"https:\/\/ambatene.esteri.it\/it\/news\/dall_ambasciata\/2026\/03\/proroga-termini-manifestazioni-interesse-sponsorizzazione-festa-della-repubblica-2026\/\">\n                                    <span class=\"text\">Leggi di pi\u00f9<\/span>\n                                    <svg class=\"icon\">\n                                    <use xlink:href=\"https:\/\/ambatene.esteri.it\/wp-content\/themes\/sedi-tema\/assets\/svg\/sprites.svg#it-arrow-right\"><\/use>\n                                    <\/svg>\n                                <\/a>\n                                                    <\/div>\n                    <\/div>\n                <\/div>\n                <!--end card-->\n                <\/div><!-- col-12 .mt-3-->\n                            <div class=\"col-12 mt-3\">\n                <!--start card-->\n                <div class=\"card-wrapper card-space\">\n                    <div class=\"card card-bg card-big border-bottom-card\">\n                        <div class=\"card-body \">\n                                                        <div class=\"category-top\">\n                                                                                                            <span class=\"\">\n                                        <svg class=\"icon icon-secondary\">\n                                            <use xlink:href=\"https:\/\/ambatene.esteri.it\/wp-content\/themes\/sedi-tema\/assets\/svg\/sprites.svg#it-calendar\"><\/use>\n                                        <\/svg> 23 Marzo 2026                                    <\/span>\n                                                                    <\/div>\n                            <h5 class=\"card-title big-heading text-uppercase\"><a class=\"text-body text-decoration-none\" href=\"https:\/\/ambatene.esteri.it\/it\/news\/dall_ambasciata\/2026\/03\/successo-di-pubblico-per-la-mostra-mediterranea-organizzata-dallambasciata\/\" title=\"Successo di pubblico per la mostra \u201cMediterranea\u201d organizzata dall\u2019Ambasciata\">Successo di pubblico per la mostra \u201cMediterranea\u201d organizzata dall\u2019Ambasciata<\/a><\/h5>\n                            <p class=\"card-text\">Si \u00e8 conclusa con un successo di pubblico la mostra \u201cMediterranea. Visioni di un mare antico e complesso\u201d, organizzata dall\u2019Ambasciata d\u2019Italia ad Atene presso la Fondazione Eugenides, principale istituzione greca dedicata alla divulgazione scientifica e alle tematiche legate al mare. Nel periodo di apertura, dal 23 gennaio al 15 marzo, l\u2019esposizione ha registrato oltre 7.300 [&hellip;]<\/p>\n                                <a title=\"Successo di pubblico per la mostra \u201cMediterranea\u201d organizzata dall\u2019Ambasciata\" class=\"read-more\" href=\"https:\/\/ambatene.esteri.it\/it\/news\/dall_ambasciata\/2026\/03\/successo-di-pubblico-per-la-mostra-mediterranea-organizzata-dallambasciata\/\">\n                                    <span class=\"text\">Leggi di pi\u00f9<\/span>\n                                    <svg class=\"icon\">\n                                    <use xlink:href=\"https:\/\/ambatene.esteri.it\/wp-content\/themes\/sedi-tema\/assets\/svg\/sprites.svg#it-arrow-right\"><\/use>\n                                    <\/svg>\n                                <\/a>\n                                                    <\/div>\n                    <\/div>\n                <\/div>\n                <!--end card-->\n                <\/div><!-- col-12 .mt-3-->\n                            <div class=\"col-12 mt-3\">\n                <!--start card-->\n                <div class=\"card-wrapper card-space\">\n                    <div class=\"card card-bg card-big border-bottom-card\">\n                        <div class=\"card-body \">\n                                                        <div class=\"category-top\">\n                                                                                                            <span class=\"\">\n                                        <svg class=\"icon icon-secondary\">\n                                            <use xlink:href=\"https:\/\/ambatene.esteri.it\/wp-content\/themes\/sedi-tema\/assets\/svg\/sprites.svg#it-calendar\"><\/use>\n                                        <\/svg> 19 Marzo 2026                                    <\/span>\n                                                                    <\/div>\n                            <h5 class=\"card-title big-heading text-uppercase\"><a class=\"text-body text-decoration-none\" href=\"https:\/\/ambatene.esteri.it\/it\/news\/dall_ambasciata\/2026\/03\/avviso-di-seconda-asta-pubblica-per-la-vendita-di-un-immobile-a-salonicco\/\" title=\"Avviso di seconda &#8220;Asta Pubblica&#8221; per la vendita di un immobile a Salonicco\">Avviso di seconda &#8220;Asta Pubblica&#8221; per la vendita di un immobile a Salonicco<\/a><\/h5>\n                            <p class=\"card-text\">Avviso di seconda &#8220;Asta Pubblica&#8221; del 19\/03\/2026 per la vendita di un immobile sito a Salonicco, via Vasilissis Olgas n. 20, di propriet\u00e0 della Stato Italiano. La scadenza del termine di partecipazione \u00e8 fissata alle ore 12:00 del 08\/05\/2026. Documentazione: Avviso di seconda Asta Pubblica per la vendita immobile &#8220;Villa Olga&#8221; Allegato 1 \u2013 Caratteristiche [&hellip;]<\/p>\n                                <a title=\"Avviso di seconda &#8220;Asta Pubblica&#8221; per la vendita di un immobile a Salonicco\" class=\"read-more\" href=\"https:\/\/ambatene.esteri.it\/it\/news\/dall_ambasciata\/2026\/03\/avviso-di-seconda-asta-pubblica-per-la-vendita-di-un-immobile-a-salonicco\/\">\n                                    <span class=\"text\">Leggi di pi\u00f9<\/span>\n                                    <svg class=\"icon\">\n                                    <use xlink:href=\"https:\/\/ambatene.esteri.it\/wp-content\/themes\/sedi-tema\/assets\/svg\/sprites.svg#it-arrow-right\"><\/use>\n                                    <\/svg>\n                                <\/a>\n                                                    <\/div>\n                    <\/div>\n                <\/div>\n                <!--end card-->\n                <\/div><!-- col-12 .mt-3-->\n                            <div class=\"col-12 mt-3\">\n                <!--start card-->\n                <div class=\"card-wrapper card-space\">\n                    <div class=\"card card-bg card-big border-bottom-card\">\n                        <div class=\"card-body \">\n                                                        <div class=\"category-top\">\n                                                                                                            <span class=\"\">\n                                        <svg class=\"icon icon-secondary\">\n                                            <use xlink:href=\"https:\/\/ambatene.esteri.it\/wp-content\/themes\/sedi-tema\/assets\/svg\/sprites.svg#it-calendar\"><\/use>\n                                        <\/svg> 17 Marzo 2026                                    <\/span>\n                                                                    <\/div>\n                            <h5 class=\"card-title big-heading text-uppercase\"><a class=\"text-body text-decoration-none\" href=\"https:\/\/ambatene.esteri.it\/it\/news\/dall_ambasciata\/2026\/03\/avviso-pubblico-per-offerte-di-sponsorizzazione\/\" title=\"Avviso pubblico per offerte di sponsorizzazione per la copertura delle spese di trasporto e alloggio per i componenti della Accademia \u201cMaggio Musicale Fiorentino\u201d\u00a0\">Avviso pubblico per offerte di sponsorizzazione per la copertura delle spese di trasporto e alloggio per i componenti della Accademia \u201cMaggio Musicale Fiorentino\u201d\u00a0<\/a><\/h5>\n                            <p class=\"card-text\">Avviso pubblico per offerte di sponsorizzazione per la copertura delle spese di trasporto e alloggio per i componenti della Accademia \u201cMaggio Musicale Fiorentino\u201d\u00a0 &nbsp;<\/p>\n                                <a title=\"Avviso pubblico per offerte di sponsorizzazione per la copertura delle spese di trasporto e alloggio per i componenti della Accademia \u201cMaggio Musicale Fiorentino\u201d\u00a0\" class=\"read-more\" href=\"https:\/\/ambatene.esteri.it\/it\/news\/dall_ambasciata\/2026\/03\/avviso-pubblico-per-offerte-di-sponsorizzazione\/\">\n                                    <span class=\"text\">Leggi di pi\u00f9<\/span>\n                                    <svg class=\"icon\">\n                                    <use xlink:href=\"https:\/\/ambatene.esteri.it\/wp-content\/themes\/sedi-tema\/assets\/svg\/sprites.svg#it-arrow-right\"><\/use>\n                                    <\/svg>\n                                <\/a>\n                                                    <\/div>\n                    <\/div>\n                <\/div>\n                <!--end card-->\n                <\/div><!-- col-12 .mt-3-->\n                            <div class=\"col-12 mt-3\">\n                <!--start card-->\n                <div class=\"card-wrapper card-space\">\n                    <div class=\"card card-bg card-big border-bottom-card\">\n                        <div class=\"card-body \">\n                                                        <div class=\"category-top\">\n                                                                                                            <span class=\"\">\n                                        <svg class=\"icon icon-secondary\">\n                                            <use xlink:href=\"https:\/\/ambatene.esteri.it\/wp-content\/themes\/sedi-tema\/assets\/svg\/sprites.svg#it-calendar\"><\/use>\n                                        <\/svg> 17 Marzo 2026                                    <\/span>\n                                                                    <\/div>\n                            <h5 class=\"card-title big-heading text-uppercase\"><a class=\"text-body text-decoration-none\" href=\"https:\/\/ambatene.esteri.it\/it\/news\/dall_ambasciata\/2026\/03\/lambasciatore-cuculi-a-food-expo-con-le-imprese-italiane-dellagroalimentare\/\" title=\"L\u2019Ambasciatore Cuculi a \u201cFood Expo\u201d con le imprese italiane dell\u2019agroalimentare\">L\u2019Ambasciatore Cuculi a \u201cFood Expo\u201d con le imprese italiane dell\u2019agroalimentare<\/a><\/h5>\n                            <p class=\"card-text\">L\u2019Ambasciatore d\u2019Italia ad Atene Paolo Cuculi ha partecipato alla 12\u00aa edizione di Food Expo Greece, incontrando i rappresentanti delle 25 aziende italiane presenti in fiera. L\u2019area espositiva dedicata all\u2019Italia, organizzata dall\u2019Agenzia ICE di Atene, costituisce la pi\u00f9 ampia partecipazione internazionale della fiera per superficie espositiva e numero di espositori. Food Expo Greece, principale fiera agroalimentare [&hellip;]<\/p>\n                                <a title=\"L\u2019Ambasciatore Cuculi a \u201cFood Expo\u201d con le imprese italiane dell\u2019agroalimentare\" class=\"read-more\" href=\"https:\/\/ambatene.esteri.it\/it\/news\/dall_ambasciata\/2026\/03\/lambasciatore-cuculi-a-food-expo-con-le-imprese-italiane-dellagroalimentare\/\">\n                                    <span class=\"text\">Leggi di pi\u00f9<\/span>\n                                    <svg class=\"icon\">\n                                    <use xlink:href=\"https:\/\/ambatene.esteri.it\/wp-content\/themes\/sedi-tema\/assets\/svg\/sprites.svg#it-arrow-right\"><\/use>\n                                    <\/svg>\n                                <\/a>\n                                                    <\/div>\n                    <\/div>\n                <\/div>\n                <!--end card-->\n                <\/div><!-- col-12 .mt-3-->\n                            <div class=\"col-12 mt-3\">\n                <!--start card-->\n                <div class=\"card-wrapper card-space\">\n                    <div class=\"card card-bg card-big border-bottom-card\">\n                        <div class=\"card-body \">\n                                                        <div class=\"category-top\">\n                                                                                                            <span class=\"\">\n                                        <svg class=\"icon icon-secondary\">\n                                            <use xlink:href=\"https:\/\/ambatene.esteri.it\/wp-content\/themes\/sedi-tema\/assets\/svg\/sprites.svg#it-calendar\"><\/use>\n                                        <\/svg> 12 Marzo 2026                                    <\/span>\n                                                                    <\/div>\n                            <h5 class=\"card-title big-heading text-uppercase\"><a class=\"text-body text-decoration-none\" href=\"https:\/\/ambatene.esteri.it\/it\/news\/dall_ambasciata\/2026\/03\/pubblicato-il-bando-per-le-borse-di-studio-offerte-dal-governo-italiano-a-studenti-stranieri-e-italiani-residenti-allestero-ire-2\/\" title=\"Pubblicato il bando per le Borse di studio offerte dal Governo italiano a studenti stranieri e italiani residenti all\u2019estero (IRE)\">Pubblicato il bando per le Borse di studio offerte dal Governo italiano a studenti stranieri e italiani residenti all\u2019estero (IRE)<\/a><\/h5>\n                            <p class=\"card-text\">Il Ministero degli Affari Esteri e della Cooperazione Internazionale (MAECI) offre borse di studio in favore di studenti stranieri residenti all\u2019estero e Italiani Residenti all\u2019Estero (IRE) per l\u2019anno accademico 2026-2027, con l\u2019obiettivo di favorire la cooperazione in campo culturale, scientifico e tecnologico, la proiezione del sistema economico dell\u2019Italia nel mondo e la diffusione della conoscenza [&hellip;]<\/p>\n                                <a title=\"Pubblicato il bando per le Borse di studio offerte dal Governo italiano a studenti stranieri e italiani residenti all\u2019estero (IRE)\" class=\"read-more\" href=\"https:\/\/ambatene.esteri.it\/it\/news\/dall_ambasciata\/2026\/03\/pubblicato-il-bando-per-le-borse-di-studio-offerte-dal-governo-italiano-a-studenti-stranieri-e-italiani-residenti-allestero-ire-2\/\">\n                                    <span class=\"text\">Leggi di pi\u00f9<\/span>\n                                    <svg class=\"icon\">\n                                    <use xlink:href=\"https:\/\/ambatene.esteri.it\/wp-content\/themes\/sedi-tema\/assets\/svg\/sprites.svg#it-arrow-right\"><\/use>\n                                    <\/svg>\n                                <\/a>\n                                                    <\/div>\n                    <\/div>\n                <\/div>\n                <!--end card-->\n                <\/div><!-- col-12 .mt-3-->\n            \n            <div class=\"col-md-12 mt-4 pb-4\">\n                <nav class=\"navigation col-md-12\" aria-label=\"Navigation\">\n                    <h2 class=\"screen-reader-text visually-hidden\">Paginazione<\/h2>\n                    <div class=\"nav-links\">\n                    <span aria-current=\"page\" class=\"page-numbers current\">1<\/span>\n<a class=\"page-numbers\" href=\"https:\/\/ambatene.esteri.it\/it\/wp-json\/wp\/v2\/pages\/16\/?pag=2\">2<\/a>\n<a class=\"page-numbers\" href=\"https:\/\/ambatene.esteri.it\/it\/wp-json\/wp\/v2\/pages\/16\/?pag=3\">3<\/a>\n<span class=\"page-numbers dots\">&hellip;<\/span>\n<a class=\"page-numbers\" href=\"https:\/\/ambatene.esteri.it\/it\/wp-json\/wp\/v2\/pages\/16\/?pag=66\">66<\/a>\n<a class=\"next page-numbers\" href=\"https:\/\/ambatene.esteri.it\/it\/wp-json\/wp\/v2\/pages\/16\/?pag=2\"><svg class=\"icon icon-primary\"><use xlink:href=\"https:\/\/ambatene.esteri.it\/wp-content\/themes\/sedi-tema\/assets\/svg\/sprites.svg#it-chevron-right\"><\/use><\/svg>\n                                    <span class=\"visually-hidden\">Pagina successiva<\/span><\/a>                    <\/div>\n                <\/nav>\n            <\/div>   <!--.col-md-12 -->\n              <\/div><!--.row -->\n              \n","protected":false},"excerpt":{"rendered":"","protected":false},"author":1,"featured_media":0,"parent":0,"menu_order":8,"comment_status":"closed","ping_status":"closed","template":"","meta":{"footnotes":""},"class_list":["post-16","page","type-page","status-publish","hentry"],"_links":{"self":[{"href":"https:\/\/ambatene.esteri.it\/it\/wp-json\/wp\/v2\/pages\/16","targetHints":{"allow":["GET"]}}],"collection":[{"href":"https:\/\/ambatene.esteri.it\/it\/wp-json\/wp\/v2\/pages"}],"about":[{"href":"https:\/\/ambatene.esteri.it\/it\/wp-json\/wp\/v2\/types\/page"}],"author":[{"embeddable":true,"href":"https:\/\/ambatene.esteri.it\/it\/wp-json\/wp\/v2\/users\/1"}],"replies":[{"embeddable":true,"href":"https:\/\/ambatene.esteri.it\/it\/wp-json\/wp\/v2\/comments?post=16"}],"version-history":[{"count":0,"href":"https:\/\/ambatene.esteri.it\/it\/wp-json\/wp\/v2\/pages\/16\/revisions"}],"wp:attachment":[{"href":"https:\/\/ambatene.esteri.it\/it\/wp-json\/wp\/v2\/media?parent=16"}],"curies":[{"name":"wp","href":"https:\/\/api.w.org\/{rel}","templated":true}]}}