{"id":33,"date":"2023-04-11T17:45:43","date_gmt":"2023-04-11T15:45:43","guid":{"rendered":"https:\/\/ambasciatapraga.esteri.it\/?page_id=33"},"modified":"2023-04-11T17:45:43","modified_gmt":"2023-04-11T15:45:43","slug":"dall_ambasciata","status":"publish","type":"page","link":"https:\/\/ambatene.esteri.it\/it\/news\/dall_ambasciata\/","title":{"rendered":"Dall&#8217;Ambasciata"},"content":{"rendered":"        <div class=\"row\">\n\t\t\t<!-- Ricerca sedi post -->\n\t\t\t<div class=\"col-12 mt-4\">\n\t\t\t  <div class=\"callout callout-highlight note ricerca-esteri p-4\">\n                    <div class=\"callout-title\">\n                        <svg class=\"icon\">\n                            <use xlink:href=\"https:\/\/ambatene.esteri.it\/wp-content\/themes\/sedi-tema\/assets\/svg\/sprites.svg#it-search\"><\/use>\n                        <\/svg>Inserisci i parametri di ricerca                    <\/div>\n                    <form id=\"searchFormPost\" name=\"form-search-post\" class=\"form-row align-items-center\" action=\"https:\/\/ambatene.esteri.it\/it\/wp-json\/wp\/v2\/pages\/33\/\" method=\"GET\"> \n                        <!-- <div class=\"form-group pt-5\"> -->\n                            <!-- <input type=\"hidden\" id=\"lang\" name=\"lang\" value=\"\"> --> <!-- <\/div> -->\n\n                        <div class=\"it-datepicker-wrapper\">\n                            <div class=\"row\">\n                                <div class=\"form-group col-md-6\">\n                                    <label class=\"active\" for=\"date-init\">Dal<\/label>\n                                    <input class=\"form-control\" name=\"date-init\" id=\"date-init\" type=\"date\" placeholder=\"gg\/mm\/aaaa\" value=\"\"lang=\"en-EN\">  \n                                <\/div>\n                                <div class=\"form-group col-md-6\">\n                                    <label class=\"active\" for=\"date-end\">Al<\/label>\n                                    <input class=\"form-control\" name=\"date-end\" id=\"date-end\" type=\"date\" placeholder=\"gg\/mm\/aaaa\" value=\"\">\n                                <\/div>\n                            <\/div>\n                        <\/div>\n                        <div class=\"form-group col-md-12 mt-3\">\n                            <label for=\"searchText\">Campo ricerca libera<\/label>\n                            <input type=\"text\" name=\"searchText\" class=\"form-control\" id=\"searchText\" value=\"\">\n                        <\/div>\n                        <div class=\"form-group col-md-4 offset-md-8 text-end\">\n                            <a href=\"https:\/\/ambatene.esteri.it\/it\/news\/dall_ambasciata\/\" title=\"Form reset\" id=\"resetImput\" class=\"btn btn-outline-primary btn-xs\">Reset<\/a>\n                            <button type=\"submit\" class=\"btn btn-primary btn-xs\">Mostra risultati<\/button>\n                        <\/div>\n                    <\/form>\n\t\t\t\t<\/div>\n\t\t\t<\/div>\n\t\t<\/div>\n                    \n            <div class=\"row\">\n                            <div class=\"col-12 mt-3\">\n                <!--start card-->\n                <div class=\"card-wrapper card-space\">\n                    <div class=\"card card-bg card-big border-bottom-card\">\n                        <div class=\"card-body \">\n                                                        <div class=\"category-top\">\n                                                                                                            <span class=\"\">\n                                        <svg class=\"icon icon-secondary\">\n                                            <use xlink:href=\"https:\/\/ambatene.esteri.it\/wp-content\/themes\/sedi-tema\/assets\/svg\/sprites.svg#it-calendar\"><\/use>\n                                        <\/svg> 1 Settembre 2026                                    <\/span>\n                                                                    <\/div>\n                            <h5 class=\"card-title big-heading text-uppercase\"><a class=\"text-body text-decoration-none\" href=\"https:\/\/ambatene.esteri.it\/it\/news\/dall_ambasciata\/2026\/09\/avviso-pubblico-per-lofferta-di-sponsorizzazione-tecnica-per-levento-cinema-in-giardino-2\/\" title=\"AVVISO PUBBLICO PER L\u2019OFFERTA DI SPONSORIZZAZIONE TECNICA PER L\u2019EVENTO \u201cCINEMA IN GIARDINO\u201d\">AVVISO PUBBLICO PER L\u2019OFFERTA DI SPONSORIZZAZIONE TECNICA PER L\u2019EVENTO \u201cCINEMA IN GIARDINO\u201d<\/a><\/h5>\n                            <p class=\"card-text\">Si d\u00e0 notizia della pubblicazione dell\u2019Avviso Pubblico per l\u2019Offerta di Sponsorizzazione tecnica per l\u2019evento che organizzer\u00e0 l\u2019Ambasciata d\u2019Italia nella Repubblica Ellenica in occasione delle serate \u201cCinema in Giardino\u201d presso la Residenza dell\u2019Ambasciatore d\u2019Italia. Avviso Pubblico Modello per la manifestazione di volont\u00e0 e autocertificazione Art. 57 Direttiva 2014_24_EU Versione italiana<\/p>\n                                <a title=\"AVVISO PUBBLICO PER L\u2019OFFERTA DI SPONSORIZZAZIONE TECNICA PER L\u2019EVENTO \u201cCINEMA IN GIARDINO\u201d\" class=\"read-more\" href=\"https:\/\/ambatene.esteri.it\/it\/news\/dall_ambasciata\/2026\/09\/avviso-pubblico-per-lofferta-di-sponsorizzazione-tecnica-per-levento-cinema-in-giardino-2\/\">\n                                    <span class=\"text\">Leggi di pi\u00f9<\/span>\n                                    <svg class=\"icon\">\n                                    <use xlink:href=\"https:\/\/ambatene.esteri.it\/wp-content\/themes\/sedi-tema\/assets\/svg\/sprites.svg#it-arrow-right\"><\/use>\n                                    <\/svg>\n                                <\/a>\n                                                    <\/div>\n                    <\/div>\n                <\/div>\n                <!--end card-->\n                <\/div><!-- col-12 .mt-3-->\n                            <div class=\"col-12 mt-3\">\n                <!--start card-->\n                <div class=\"card-wrapper card-space\">\n                    <div class=\"card card-bg card-big border-bottom-card\">\n                        <div class=\"card-body \">\n                                                        <div class=\"category-top\">\n                                                                                                            <span class=\"\">\n                                        <svg class=\"icon icon-secondary\">\n                                            <use xlink:href=\"https:\/\/ambatene.esteri.it\/wp-content\/themes\/sedi-tema\/assets\/svg\/sprites.svg#it-calendar\"><\/use>\n                                        <\/svg> 28 Agosto 2026                                    <\/span>\n                                                                    <\/div>\n                            <h5 class=\"card-title big-heading text-uppercase\"><a class=\"text-body text-decoration-none\" href=\"https:\/\/ambatene.esteri.it\/it\/news\/dall_ambasciata\/2026\/08\/lambasciatore-cuculi-partecipa-allinaugurazione-dellestensione-della-metropolitana-di-salonicco-gestita-dallazienda-trasporti-milanesi\/\" title=\"L\u2019Ambasciatore Cuculi partecipa all\u2019inaugurazione dell\u2019estensione della metropolitana di Salonicco, gestita dall\u2019Azienda Trasporti Milanesi\">L\u2019Ambasciatore Cuculi partecipa all\u2019inaugurazione dell\u2019estensione della metropolitana di Salonicco, gestita dall\u2019Azienda Trasporti Milanesi<\/a><\/h5>\n                            <p class=\"card-text\">L\u2019Ambasciatore d\u2019Italia in Grecia Paolo Cuculi ha partecipato all\u2019inaugurazione dell\u2019estensione della metropolitana di Salonicco, seconda citt\u00e0 della Grecia. Il prolungamento prevede cinque nuove fermate su un tracciato di 5 chilometri, che si aggiungono alla linea realizzata dalle aziende italiane Webuild e Hitachi Rail, inaugurata a novembre 2024. L\u2019infrastruttura \u00e8 gestita dall\u2019Azienda Trasporti Milanesi (ATM), tramite [&hellip;]<\/p>\n                                <a title=\"L\u2019Ambasciatore Cuculi partecipa all\u2019inaugurazione dell\u2019estensione della metropolitana di Salonicco, gestita dall\u2019Azienda Trasporti Milanesi\" class=\"read-more\" href=\"https:\/\/ambatene.esteri.it\/it\/news\/dall_ambasciata\/2026\/08\/lambasciatore-cuculi-partecipa-allinaugurazione-dellestensione-della-metropolitana-di-salonicco-gestita-dallazienda-trasporti-milanesi\/\">\n                                    <span class=\"text\">Leggi di pi\u00f9<\/span>\n                                    <svg class=\"icon\">\n                                    <use xlink:href=\"https:\/\/ambatene.esteri.it\/wp-content\/themes\/sedi-tema\/assets\/svg\/sprites.svg#it-arrow-right\"><\/use>\n                                    <\/svg>\n                                <\/a>\n                                                    <\/div>\n                    <\/div>\n                <\/div>\n                <!--end card-->\n                <\/div><!-- col-12 .mt-3-->\n                            <div class=\"col-12 mt-3\">\n                <!--start card-->\n                <div class=\"card-wrapper card-space\">\n                    <div class=\"card card-bg card-big border-bottom-card\">\n                        <div class=\"card-body \">\n                                                        <div class=\"category-top\">\n                                                                                                            <span class=\"\">\n                                        <svg class=\"icon icon-secondary\">\n                                            <use xlink:href=\"https:\/\/ambatene.esteri.it\/wp-content\/themes\/sedi-tema\/assets\/svg\/sprites.svg#it-calendar\"><\/use>\n                                        <\/svg> 20 Agosto 2026                                    <\/span>\n                                                                    <\/div>\n                            <h5 class=\"card-title big-heading text-uppercase\"><a class=\"text-body text-decoration-none\" href=\"https:\/\/ambatene.esteri.it\/it\/news\/dall_ambasciata\/2026\/08\/grecia-lambasciatore-cuculi-riceve-il-comandante-di-nave-san-marco\/\" title=\"Grecia. L\u2019Ambasciatore Cuculi riceve il Comandante di Nave San Marco\">Grecia. L\u2019Ambasciatore Cuculi riceve il Comandante di Nave San Marco<\/a><\/h5>\n                            <p class=\"card-text\">L\u2019Ambasciatore d\u2019Italia in Grecia, Paolo Cuculi, ha ricevuto il Capitano di Vascello Alessandro Ballestra, Comandante della Nave San Marco della Marina Militare. L\u2019unit\u00e0 anfibia \u00e8 attraccata al porto greco di Salamina, dopo una campagna di navigazione nel Mediterraneo centro-orientale. La nave, progettata per svolgere attivit\u00e0 di trasporto e sbarco sia in porti attrezzati sia in [&hellip;]<\/p>\n                                <a title=\"Grecia. L\u2019Ambasciatore Cuculi riceve il Comandante di Nave San Marco\" class=\"read-more\" href=\"https:\/\/ambatene.esteri.it\/it\/news\/dall_ambasciata\/2026\/08\/grecia-lambasciatore-cuculi-riceve-il-comandante-di-nave-san-marco\/\">\n                                    <span class=\"text\">Leggi di pi\u00f9<\/span>\n                                    <svg class=\"icon\">\n                                    <use xlink:href=\"https:\/\/ambatene.esteri.it\/wp-content\/themes\/sedi-tema\/assets\/svg\/sprites.svg#it-arrow-right\"><\/use>\n                                    <\/svg>\n                                <\/a>\n                                                    <\/div>\n                    <\/div>\n                <\/div>\n                <!--end card-->\n                <\/div><!-- col-12 .mt-3-->\n                            <div class=\"col-12 mt-3\">\n                <!--start card-->\n                <div class=\"card-wrapper card-space\">\n                    <div class=\"card card-bg card-big border-bottom-card\">\n                        <div class=\"card-body \">\n                                                        <div class=\"category-top\">\n                                                                                                            <span class=\"\">\n                                        <svg class=\"icon icon-secondary\">\n                                            <use xlink:href=\"https:\/\/ambatene.esteri.it\/wp-content\/themes\/sedi-tema\/assets\/svg\/sprites.svg#it-calendar\"><\/use>\n                                        <\/svg> 18 Agosto 2026                                    <\/span>\n                                                                    <\/div>\n                            <h5 class=\"card-title big-heading text-uppercase\"><a class=\"text-body text-decoration-none\" href=\"https:\/\/ambatene.esteri.it\/it\/news\/dall_ambasciata\/2026\/08\/premi-scientifici-farnesina-italian-bilateral-scientific-cooperation-award-linnovazione-che-parla-italiano-e-science-she-says\/\" title=\"Premi scientifici \u201cFarnesina \u2013 Italian Bilateral Scientific Cooperation Award\u201d, \u201cL\u2019innovazione che parla italiano\u201d e \u201cScience, She Says!\u201d 2026\">Premi scientifici \u201cFarnesina \u2013 Italian Bilateral Scientific Cooperation Award\u201d, \u201cL\u2019innovazione che parla italiano\u201d e \u201cScience, She Says!\u201d 2026<\/a><\/h5>\n                            <p class=\"card-text\">Il Ministero degli Affari Esteri e della Cooperazione Internazionale (MAECI) ha indetto la nona edizione dei premi \u201cFarnesina \u2013 Italian Bilateral Scientific Cooperation Award\u201d e \u201cL\u2019innovazione che parla italiano\u201d e la quarta edizione del premio \u201cScience, She Says!\u201d. Il Premio \u201cFarnesina \u2013 Italian Bilateral Scientific Cooperation Award\u201d il premio, giunto alla nona edizione, \u00e8 dedicato [&hellip;]<\/p>\n                                <a title=\"Premi scientifici \u201cFarnesina \u2013 Italian Bilateral Scientific Cooperation Award\u201d, \u201cL\u2019innovazione che parla italiano\u201d e \u201cScience, She Says!\u201d 2026\" class=\"read-more\" href=\"https:\/\/ambatene.esteri.it\/it\/news\/dall_ambasciata\/2026\/08\/premi-scientifici-farnesina-italian-bilateral-scientific-cooperation-award-linnovazione-che-parla-italiano-e-science-she-says\/\">\n                                    <span class=\"text\">Leggi di pi\u00f9<\/span>\n                                    <svg class=\"icon\">\n                                    <use xlink:href=\"https:\/\/ambatene.esteri.it\/wp-content\/themes\/sedi-tema\/assets\/svg\/sprites.svg#it-arrow-right\"><\/use>\n                                    <\/svg>\n                                <\/a>\n                                                    <\/div>\n                    <\/div>\n                <\/div>\n                <!--end card-->\n                <\/div><!-- col-12 .mt-3-->\n                            <div class=\"col-12 mt-3\">\n                <!--start card-->\n                <div class=\"card-wrapper card-space\">\n                    <div class=\"card card-bg card-big border-bottom-card\">\n                        <div class=\"card-body \">\n                                                        <div class=\"category-top\">\n                                                                                                            <span class=\"\">\n                                        <svg class=\"icon icon-secondary\">\n                                            <use xlink:href=\"https:\/\/ambatene.esteri.it\/wp-content\/themes\/sedi-tema\/assets\/svg\/sprites.svg#it-calendar\"><\/use>\n                                        <\/svg> 18 Agosto 2026                                    <\/span>\n                                                                    <\/div>\n                            <h5 class=\"card-title big-heading text-uppercase\"><a class=\"text-body text-decoration-none\" href=\"https:\/\/ambatene.esteri.it\/it\/news\/dall_ambasciata\/2026\/08\/elezione-dei-comitati-degli-italiani-allestero-comites-2026-modalita-per-la-richiesta-di-iscrizione-nellelenco-elettorale\/\" title=\"ELEZIONI COM.IT.ES 2026 &#8211; Modalit\u00e0 per la richiesta di iscrizione nell&#8217;elenco elettorale\">ELEZIONI COM.IT.ES 2026 &#8211; Modalit\u00e0 per la richiesta di iscrizione nell&#8217;elenco elettorale<\/a><\/h5>\n                            <p class=\"card-text\">Le elezioni per il rinnovo e l\u2019istituzione dei COMITES si terranno entro la fine del 2026. I Comitati degli italiani all\u2019estero sono organi di rappresentanza della collettivit\u00e0 italiana nei rapporti con le rappresentanze diplomatico-consolari e operano per l\u2019integrazione della comunit\u00e0 italiana residente nel Paese straniero in cui si trovano. A questo importante appuntamento elettorale potranno [&hellip;]<\/p>\n                                <a title=\"ELEZIONI COM.IT.ES 2026 &#8211; Modalit\u00e0 per la richiesta di iscrizione nell&#8217;elenco elettorale\" class=\"read-more\" href=\"https:\/\/ambatene.esteri.it\/it\/news\/dall_ambasciata\/2026\/08\/elezione-dei-comitati-degli-italiani-allestero-comites-2026-modalita-per-la-richiesta-di-iscrizione-nellelenco-elettorale\/\">\n                                    <span class=\"text\">Leggi di pi\u00f9<\/span>\n                                    <svg class=\"icon\">\n                                    <use xlink:href=\"https:\/\/ambatene.esteri.it\/wp-content\/themes\/sedi-tema\/assets\/svg\/sprites.svg#it-arrow-right\"><\/use>\n                                    <\/svg>\n                                <\/a>\n                                                    <\/div>\n                    <\/div>\n                <\/div>\n                <!--end card-->\n                <\/div><!-- col-12 .mt-3-->\n                            <div class=\"col-12 mt-3\">\n                <!--start card-->\n                <div class=\"card-wrapper card-space\">\n                    <div class=\"card card-bg card-big border-bottom-card\">\n                        <div class=\"card-body \">\n                                                        <div class=\"category-top\">\n                                                                                                            <span class=\"\">\n                                        <svg class=\"icon icon-secondary\">\n                                            <use xlink:href=\"https:\/\/ambatene.esteri.it\/wp-content\/themes\/sedi-tema\/assets\/svg\/sprites.svg#it-calendar\"><\/use>\n                                        <\/svg> 11 Agosto 2026                                    <\/span>\n                                                                    <\/div>\n                            <h5 class=\"card-title big-heading text-uppercase\"><a class=\"text-body text-decoration-none\" href=\"https:\/\/ambatene.esteri.it\/it\/news\/dall_ambasciata\/2026\/08\/elezioni-com-it-es-2026-predisposizione-e-presentazione-liste-elettorali\/\" title=\"ELEZIONI COM.IT.ES. 2026 &#8211; Predisposizione e presentazione liste elettorali\">ELEZIONI COM.IT.ES. 2026 &#8211; Predisposizione e presentazione liste elettorali<\/a><\/h5>\n                            <p class=\"card-text\">Nel 2026 avranno luogo le elezioni per il rinnovo dei Comitati degli Italiani all\u2019Estero (Com.It.Es.). Ai sensi dell\u2019art. 14 del DPR 395\/2003, le liste possono essere presentate all\u2019Ufficio elettorale nelle ore d\u2019ufficio dal ventesimo al trentesimo giorno successivo all\u2019indizione. La raccolta delle firme, la sottoscrizione delle liste e le relative autentiche possono avvenire sin da [&hellip;]<\/p>\n                                <a title=\"ELEZIONI COM.IT.ES. 2026 &#8211; Predisposizione e presentazione liste elettorali\" class=\"read-more\" href=\"https:\/\/ambatene.esteri.it\/it\/news\/dall_ambasciata\/2026\/08\/elezioni-com-it-es-2026-predisposizione-e-presentazione-liste-elettorali\/\">\n                                    <span class=\"text\">Leggi di pi\u00f9<\/span>\n                                    <svg class=\"icon\">\n                                    <use xlink:href=\"https:\/\/ambatene.esteri.it\/wp-content\/themes\/sedi-tema\/assets\/svg\/sprites.svg#it-arrow-right\"><\/use>\n                                    <\/svg>\n                                <\/a>\n                                                    <\/div>\n                    <\/div>\n                <\/div>\n                <!--end card-->\n                <\/div><!-- col-12 .mt-3-->\n                            <div class=\"col-12 mt-3\">\n                <!--start card-->\n                <div class=\"card-wrapper card-space\">\n                    <div class=\"card card-bg card-big border-bottom-card\">\n                        <div class=\"card-body \">\n                                                        <div class=\"category-top\">\n                                                                                                            <span class=\"\">\n                                        <svg class=\"icon icon-secondary\">\n                                            <use xlink:href=\"https:\/\/ambatene.esteri.it\/wp-content\/themes\/sedi-tema\/assets\/svg\/sprites.svg#it-calendar\"><\/use>\n                                        <\/svg> 7 Agosto 2026                                    <\/span>\n                                                                    <\/div>\n                            <h5 class=\"card-title big-heading text-uppercase\"><a class=\"text-body text-decoration-none\" href=\"https:\/\/ambatene.esteri.it\/it\/news\/dall_ambasciata\/2026\/08\/commemorazione-del-70-anniversario-della-tragedia-di-marcinelle-e-della-25a-giornata-nazionale-del-sacrificio-del-lavoro-italiano-nel-mondo-messaggio-del-vice-vresidente-del-consiglio\/\" title=\"Commemorazione del 70\u00b0 anniversario della Tragedia di Marcinelle e della 25a giornata Nazionale del Sacrificio del Lavoro Italiano nel Mondo \u2013 messaggio del Vice Vresidente del Consiglio e Ministro degli Affari Esteri e della Cooperazione Internazionale\">Commemorazione del 70\u00b0 anniversario della Tragedia di Marcinelle e della 25a giornata Nazionale del Sacrificio del Lavoro Italiano nel Mondo \u2013 messaggio del Vice Vresidente del Consiglio e Ministro degli Affari Esteri e della Cooperazione Internazionale<\/a><\/h5>\n                            <p class=\"card-text\">L\u20198 agosto si celebra la \u201cGiornata nazionale del sacrificio del lavoro italiano nel mondo\u201d, che coincide con la commemorazione dell\u2019incidente minerario di Marcinelle, in Belgio, ove nel 1956 persero la vita nella miniera di Bois du Cazier 262 minatori, tra cui 136 italiani. Per l\u2019occasione, il Vice Presidente del Consiglio e Ministro degli Affari Esteri [&hellip;]<\/p>\n                                <a title=\"Commemorazione del 70\u00b0 anniversario della Tragedia di Marcinelle e della 25a giornata Nazionale del Sacrificio del Lavoro Italiano nel Mondo \u2013 messaggio del Vice Vresidente del Consiglio e Ministro degli Affari Esteri e della Cooperazione Internazionale\" class=\"read-more\" href=\"https:\/\/ambatene.esteri.it\/it\/news\/dall_ambasciata\/2026\/08\/commemorazione-del-70-anniversario-della-tragedia-di-marcinelle-e-della-25a-giornata-nazionale-del-sacrificio-del-lavoro-italiano-nel-mondo-messaggio-del-vice-vresidente-del-consiglio\/\">\n                                    <span class=\"text\">Leggi di pi\u00f9<\/span>\n                                    <svg class=\"icon\">\n                                    <use xlink:href=\"https:\/\/ambatene.esteri.it\/wp-content\/themes\/sedi-tema\/assets\/svg\/sprites.svg#it-arrow-right\"><\/use>\n                                    <\/svg>\n                                <\/a>\n                                                    <\/div>\n                    <\/div>\n                <\/div>\n                <!--end card-->\n                <\/div><!-- col-12 .mt-3-->\n                            <div class=\"col-12 mt-3\">\n                <!--start card-->\n                <div class=\"card-wrapper card-space\">\n                    <div class=\"card card-bg card-big border-bottom-card\">\n                        <div class=\"card-body \">\n                                                        <div class=\"category-top\">\n                                                                                                            <span class=\"\">\n                                        <svg class=\"icon icon-secondary\">\n                                            <use xlink:href=\"https:\/\/ambatene.esteri.it\/wp-content\/themes\/sedi-tema\/assets\/svg\/sprites.svg#it-calendar\"><\/use>\n                                        <\/svg> 6 Agosto 2026                                    <\/span>\n                                                                    <\/div>\n                            <h5 class=\"card-title big-heading text-uppercase\"><a class=\"text-body text-decoration-none\" href=\"https:\/\/ambatene.esteri.it\/it\/news\/dall_ambasciata\/2026\/08\/avviso-ai-cittadini-italiani-in-procinto-di-raggiungere-la-grecia\/\" title=\"AVVISO AI CITTADINI ITALIANI IN PROCINTO DI RAGGIUNGERE LA GRECIA\">AVVISO AI CITTADINI ITALIANI IN PROCINTO DI RAGGIUNGERE LA GRECIA<\/a><\/h5>\n                            <p class=\"card-text\">Si ricorda che le Carte d\u2019identit\u00e0 cartacee DAL 3 AGOSTO 2026 non sono pi\u00f9 valide ai fini dell\u2019espatrio. Si raccomanda quindi a tutti i connazionali in partenza verso la Grecia di assicurarsi di avere un DOCUMENTO DI VIAGGIO VALIDO, per evitare disagi in occasione del rientro in Italia.<\/p>\n                                <a title=\"AVVISO AI CITTADINI ITALIANI IN PROCINTO DI RAGGIUNGERE LA GRECIA\" class=\"read-more\" href=\"https:\/\/ambatene.esteri.it\/it\/news\/dall_ambasciata\/2026\/08\/avviso-ai-cittadini-italiani-in-procinto-di-raggiungere-la-grecia\/\">\n                                    <span class=\"text\">Leggi di pi\u00f9<\/span>\n                                    <svg class=\"icon\">\n                                    <use xlink:href=\"https:\/\/ambatene.esteri.it\/wp-content\/themes\/sedi-tema\/assets\/svg\/sprites.svg#it-arrow-right\"><\/use>\n                                    <\/svg>\n                                <\/a>\n                                                    <\/div>\n                    <\/div>\n                <\/div>\n                <!--end card-->\n                <\/div><!-- col-12 .mt-3-->\n                            <div class=\"col-12 mt-3\">\n                <!--start card-->\n                <div class=\"card-wrapper card-space\">\n                    <div class=\"card card-bg card-big border-bottom-card\">\n                        <div class=\"card-body \">\n                                                        <div class=\"category-top\">\n                                                                                                            <span class=\"\">\n                                        <svg class=\"icon icon-secondary\">\n                                            <use xlink:href=\"https:\/\/ambatene.esteri.it\/wp-content\/themes\/sedi-tema\/assets\/svg\/sprites.svg#it-calendar\"><\/use>\n                                        <\/svg> 3 Agosto 2026                                    <\/span>\n                                                                    <\/div>\n                            <h5 class=\"card-title big-heading text-uppercase\"><a class=\"text-body text-decoration-none\" href=\"https:\/\/ambatene.esteri.it\/it\/news\/dall_ambasciata\/2026\/08\/elezioni-dei-comites-2026-2\/\" title=\"Elezioni dei COM.IT.ES. 2026\">Elezioni dei COM.IT.ES. 2026<\/a><\/h5>\n                            <p class=\"card-text\">Quest\u2019anno si terranno le elezioni per il rinnovo dei Com.It.Es.. Gli italiani residenti all\u2019estero che ne faranno richiesta, saranno chiamati a votare. Per cosa si vota? Si vota per il rinnovo dei Comitati degli Italiani all\u2019Estero. Istituiti nel 1985, i Com.It.Es. sono organismi rappresentativi della collettivit\u00e0 italiana all\u2019estero eletti direttamente dai connazionali residenti da almeno [&hellip;]<\/p>\n                                <a title=\"Elezioni dei COM.IT.ES. 2026\" class=\"read-more\" href=\"https:\/\/ambatene.esteri.it\/it\/news\/dall_ambasciata\/2026\/08\/elezioni-dei-comites-2026-2\/\">\n                                    <span class=\"text\">Leggi di pi\u00f9<\/span>\n                                    <svg class=\"icon\">\n                                    <use xlink:href=\"https:\/\/ambatene.esteri.it\/wp-content\/themes\/sedi-tema\/assets\/svg\/sprites.svg#it-arrow-right\"><\/use>\n                                    <\/svg>\n                                <\/a>\n                                                    <\/div>\n                    <\/div>\n                <\/div>\n                <!--end card-->\n                <\/div><!-- col-12 .mt-3-->\n                            <div class=\"col-12 mt-3\">\n                <!--start card-->\n                <div class=\"card-wrapper card-space\">\n                    <div class=\"card card-bg card-big border-bottom-card\">\n                        <div class=\"card-body \">\n                                                        <div class=\"category-top\">\n                                                                                                            <span class=\"\">\n                                        <svg class=\"icon icon-secondary\">\n                                            <use xlink:href=\"https:\/\/ambatene.esteri.it\/wp-content\/themes\/sedi-tema\/assets\/svg\/sprites.svg#it-calendar\"><\/use>\n                                        <\/svg> 31 Luglio 2026                                    <\/span>\n                                                                    <\/div>\n                            <h5 class=\"card-title big-heading text-uppercase\"><a class=\"text-body text-decoration-none\" href=\"https:\/\/ambatene.esteri.it\/it\/news\/dall_ambasciata\/2026\/07\/validita-illimitata-della-carta-didentita-elettronica-cie-per-i-cittadini-di-70-anni\/\" title=\"Validit\u00e0 illimitata della Carta d\u2019Identit\u00e0 Elettronica (CIE) per i Cittadini di 70 anni\">Validit\u00e0 illimitata della Carta d\u2019Identit\u00e0 Elettronica (CIE) per i Cittadini di 70 anni<\/a><\/h5>\n                            <p class=\"card-text\">VALIDIT\u00c0 ILLIMITATA DELLA CARTA D\u2019IDENTIT\u00c0 ELETTRONICA (CIE) PER I CITTADINI DI 70 ANNI Dal 30 luglio 2026, la Carta d\u2019Identit\u00e0 Elettronica rilasciata ai cittadini che abbiano compiuto 70 anni al momento della richiesta di emissione avr\u00e0 validit\u00e0 illimitata, restando utilizzabile ai fini dell\u2019espatrio, e non sar\u00e0 soggetta al periodico rinnovo. La nuova disposizione \u00e8 stata [&hellip;]<\/p>\n                                <a title=\"Validit\u00e0 illimitata della Carta d\u2019Identit\u00e0 Elettronica (CIE) per i Cittadini di 70 anni\" class=\"read-more\" href=\"https:\/\/ambatene.esteri.it\/it\/news\/dall_ambasciata\/2026\/07\/validita-illimitata-della-carta-didentita-elettronica-cie-per-i-cittadini-di-70-anni\/\">\n                                    <span class=\"text\">Leggi di pi\u00f9<\/span>\n                                    <svg class=\"icon\">\n                                    <use xlink:href=\"https:\/\/ambatene.esteri.it\/wp-content\/themes\/sedi-tema\/assets\/svg\/sprites.svg#it-arrow-right\"><\/use>\n                                    <\/svg>\n                                <\/a>\n                                                    <\/div>\n                    <\/div>\n                <\/div>\n                <!--end card-->\n                <\/div><!-- col-12 .mt-3-->\n            \n            <div class=\"col-md-12 mt-4 pb-4\">\n                <nav class=\"navigation col-md-12\" aria-label=\"Navigation\">\n                    <h2 class=\"screen-reader-text visually-hidden\">Paginazione<\/h2>\n                    <div class=\"nav-links\">\n                    <span aria-current=\"page\" class=\"page-numbers current\">1<\/span>\n<a class=\"page-numbers\" href=\"https:\/\/ambatene.esteri.it\/it\/wp-json\/wp\/v2\/pages\/33\/?pag=2\">2<\/a>\n<a class=\"page-numbers\" href=\"https:\/\/ambatene.esteri.it\/it\/wp-json\/wp\/v2\/pages\/33\/?pag=3\">3<\/a>\n<span class=\"page-numbers dots\">&hellip;<\/span>\n<a class=\"page-numbers\" href=\"https:\/\/ambatene.esteri.it\/it\/wp-json\/wp\/v2\/pages\/33\/?pag=69\">69<\/a>\n<a class=\"next page-numbers\" href=\"https:\/\/ambatene.esteri.it\/it\/wp-json\/wp\/v2\/pages\/33\/?pag=2\"><svg class=\"icon icon-primary\"><use xlink:href=\"https:\/\/ambatene.esteri.it\/wp-content\/themes\/sedi-tema\/assets\/svg\/sprites.svg#it-chevron-right\"><\/use><\/svg>\n                                    <span class=\"visually-hidden\">Pagina successiva<\/span><\/a>                    <\/div>\n                <\/nav>\n            <\/div>   <!--.col-md-12 -->\n              <\/div><!--.row -->\n              \n","protected":false},"excerpt":{"rendered":"","protected":false},"author":1,"featured_media":0,"parent":16,"menu_order":0,"comment_status":"closed","ping_status":"closed","template":"","meta":{"footnotes":""},"class_list":["post-33","page","type-page","status-publish","hentry"],"_links":{"self":[{"href":"https:\/\/ambatene.esteri.it\/it\/wp-json\/wp\/v2\/pages\/33","targetHints":{"allow":["GET"]}}],"collection":[{"href":"https:\/\/ambatene.esteri.it\/it\/wp-json\/wp\/v2\/pages"}],"about":[{"href":"https:\/\/ambatene.esteri.it\/it\/wp-json\/wp\/v2\/types\/page"}],"author":[{"embeddable":true,"href":"https:\/\/ambatene.esteri.it\/it\/wp-json\/wp\/v2\/users\/1"}],"replies":[{"embeddable":true,"href":"https:\/\/ambatene.esteri.it\/it\/wp-json\/wp\/v2\/comments?post=33"}],"version-history":[{"count":0,"href":"https:\/\/ambatene.esteri.it\/it\/wp-json\/wp\/v2\/pages\/33\/revisions"}],"up":[{"embeddable":true,"href":"https:\/\/ambatene.esteri.it\/it\/wp-json\/wp\/v2\/pages\/16"}],"wp:attachment":[{"href":"https:\/\/ambatene.esteri.it\/it\/wp-json\/wp\/v2\/media?parent=33"}],"curies":[{"name":"wp","href":"https:\/\/api.w.org\/{rel}","templated":true}]}}